{"id":6042,"date":"2016-01-29T11:40:56","date_gmt":"2016-01-29T11:40:56","guid":{"rendered":"http:\/\/impreza5.us-themes.com\/blog-tiles-fullwidth-2\/"},"modified":"2025-12-28T17:04:52","modified_gmt":"2025-12-28T17:04:52","slug":"blog-compact-1-column-with-sidebar","status":"publish","type":"page","link":"https:\/\/www.airefrio.com\/blog\/","title":{"rendered":"Blog \u2013 Compact 1 Column with Sidebar"},"content":{"rendered":"\t\t<div data-elementor-type=\"wp-page\" data-elementor-id=\"6042\" class=\"elementor elementor-6042\">\n\t\t\t\t\t\t<section class=\"elementor-section elementor-top-section elementor-element elementor-element-74e9412f elementor-section-boxed elementor-section-height-default elementor-section-height-default\" data-id=\"74e9412f\" data-element_type=\"section\" data-e-type=\"section\">\n\t\t\t\t\t\t<div class=\"elementor-container elementor-column-gap-default\">\n\t\t\t\t\t<div class=\"elementor-column elementor-col-100 elementor-top-column elementor-element elementor-element-73340a23\" data-id=\"73340a23\" data-element_type=\"column\" data-e-type=\"column\">\n\t\t\t<div class=\"elementor-widget-wrap elementor-element-populated\">\n\t\t\t\t\t\t<div class=\"elementor-element elementor-element-736ecb6 elementor-widget elementor-widget-heading\" data-id=\"736ecb6\" data-element_type=\"widget\" data-e-type=\"widget\" data-widget_type=\"heading.default\">\n\t\t\t\t\t<h1 class=\"elementor-heading-title elementor-size-default\">Blog de Airefrio.com: gu\u00edas y consejos sobre aire acondicionado y aerotermia<\/h1>\t\t\t\t<\/div>\n\t\t\t\t<div class=\"elementor-element elementor-element-ed871f6 elementor-widget elementor-widget-text-editor\" data-id=\"ed871f6\" data-element_type=\"widget\" data-e-type=\"widget\" data-widget_type=\"text-editor.default\">\n\t\t\t\t\t\t\t\t\t<p>Informaci\u00f3n pr\u00e1ctica, comparativas y consejos expertos sobre climatizaci\u00f3n,<br \/>aerotermia, ventilaci\u00f3n y eficiencia energ\u00e9tica para viviendas y negocios.<\/p>\t\t\t\t\t\t\t\t<\/div>\n\t\t\t\t<div class=\"elementor-element elementor-element-7c4b9b1 elementor-widget elementor-widget-text-editor\" data-id=\"7c4b9b1\" data-element_type=\"widget\" data-e-type=\"widget\" data-widget_type=\"text-editor.default\">\n\t\t\t\t\t\t\t\t\t<p>En Airefrio somos especialistas en <a href=\"https:\/\/www.airefrio.com\/aire-acondicionado.html\"><strong data-start=\"2381\" data-end=\"2403\">aire acondicionado<\/strong><\/a>, <a href=\"https:\/\/www.airefrio.com\/aerotermia.html\"><strong data-start=\"2406\" data-end=\"2420\">aerotermia<\/strong><\/a>, <a href=\"https:\/\/www.airefrio.com\/ofertas-con-instalacion-incluida\/ofertas-en-calderas-de-gas-con-instalacion-incluida.html\"><strong>calderas de gas<\/strong><\/a> \u2026<\/p>\t\t\t\t\t\t\t\t<\/div>\n\t\t\t\t<div class=\"elementor-element elementor-element-4add0cef elementor-widget elementor-widget-text-editor\" data-id=\"4add0cef\" data-element_type=\"widget\" data-e-type=\"widget\" data-widget_type=\"text-editor.default\">\n\t\t\t\t\t\t\t\t\t<p><section class=\"l-section wpb_row height_small\"><div class=\"l-section-h i-cf\"><div class=\"g-cols vc_row type_default valign_top\"><div class=\"vc_col-sm-12 wpb_column vc_column_container\"><div class=\"vc_column-inner\"><div class=\"wpb_wrapper\"><div class=\"w-grid us_grid_1 type_grid layout_7551 overflow_hidden\"><style id=\"us_grid_1_css\">.us_grid_1 .w-grid-item:not(:last-child){margin-bottom:3rem}.us_grid_1 .g-loadmore{margin-top:3rem}<\/style><style>.us_grid_1 .w-grid-item-h{}.w-grid.us_grid_1 .usg_post_image_1{border-radius:0;width:50%;flex-shrink:0}.w-grid.us_grid_1 .usg_vwrapper_1{border-radius:0;width:50%;flex-shrink:0}.w-grid.us_grid_1 .usg_post_title_1{font-size:1.8rem;line-height:1.2;border-radius:0;background-color:#ffffff;font-weight:bold}@media (max-width:599px){.us_grid_1 .usg_post_title_1{font-size:1.2rem !important}}.w-grid.us_grid_1 .usg_post_date_1{font-size:13px;border-radius:0;color:#aab2bd}@media (max-width:359px){.us_grid_1 .usg_post_date_1{display:none !important}}.w-grid.us_grid_1 .usg_post_taxonomy_1{font-size:13px;border-radius:0;font-weight:bold;text-transform:uppercase}.w-grid.us_grid_1 .usg_post_content_1{font-size:0.9rem;line-height:1.7;border-radius:0}@media (max-width:479px){.us_grid_1 .usg_post_content_1{display:none !important}}.w-grid.us_grid_1 .usg_hwrapper_1{border-radius:0}.w-grid.us_grid_1 .usg_hwrapper_2{border-radius:0}.w-grid.us_grid_1 .usg_post_author_1{border-radius:0}.us_grid_1 .usg_vwrapper_1{margin-right:0}.us_grid_1 .usg_post_title_1{margin-right:-35%;margin-bottom:0;padding-top:0.8rem;padding-right:1.2rem;padding-bottom:0.8rem}.us_grid_1 .usg_post_taxonomy_1{margin-right:0.8rem}.us_grid_1 .usg_post_content_1{padding-right:1.5rem}.us_grid_1 .usg_hwrapper_1{margin-bottom:0}<\/style><div class=\"w-grid-list\">\t<article class=\"w-grid-item ratio_custom post-9867 post type-post status-publish format-standard has-post-thumbnail hentry category-aire-acondicionado category-climatizacion tag-acs tag-aire-acondicionado tag-multi-con-acs\" data-id=\"9867\">\n\t\t<div class=\"w-grid-item-h\">\n\t\t\t\t\t\t<div class=\"w-hwrapper usg_hwrapper_2 align_left valign_top \"><div class=\"w-vwrapper usg_vwrapper_1 align_left valign_top \"><div class=\"w-hwrapper usg_hwrapper_1 align_left valign_top \"><div class=\"w-grid-item-elm usg_post_taxonomy_1 post_taxonomy style_simple\"><a href=\"https:\/\/www.airefrio.com\/blog\/category\/aire-acondicionado\/\">Aire Acondicionado<\/a>, <a href=\"https:\/\/www.airefrio.com\/blog\/category\/climatizacion\/\">Climatizaci\u00f3n<\/a><\/div><time class=\"w-grid-item-elm usg_post_date_1 with_text_color post_date entry-date published\" datetime=\"2026-03-05 12:21:28\">5 Mar, 12:21<\/time><\/div><h2 class=\"w-grid-item-elm usg_post_title_1 color_link_inherit post_title entry-title\"><a href=\"https:\/\/www.airefrio.com\/blog\/aire-acondicionado-multi-con-acs-climatizacion-y-agua-caliente-sanitaria-en-un-solo-sistema\/\" rel=\"bookmark\">Aire acondicionado Multi con ACS: climatizaci\u00f3n y agua caliente sanitaria en un solo sistema<\/a><\/h2><div class=\"w-grid-item-elm usg_post_content_1 post_content\">La evoluci\u00f3n de la climatizaci\u00f3n dom\u00e9stica ha dado un paso m\u00e1s con los nuevos sistemas aire acondicionado Multi con ACS,&hellip;<\/div><div class=\"w-grid-item-elm usg_post_author_1 color_link_inherit post_author vcard author with_link\"><a class=\"fn\" href=\"https:\/\/www.airefrio.com\/blog\/author\/dponce\/\"><i class=\"fas fa-address-card\"><\/i> <span>David Ponce<\/span><\/a><\/div><\/div><div class=\"w-grid-item-elm usg_post_image_1 post_image\"><a href=\"https:\/\/www.airefrio.com\/blog\/aire-acondicionado-multi-con-acs-climatizacion-y-agua-caliente-sanitaria-en-un-solo-sistema\/\" rel=\"bookmark\" aria-label=\"Aire acondicionado Multi con ACS: climatizaci\u00f3n y agua caliente sanitaria en un solo sistema\"><img loading=\"lazy\" decoding=\"async\" width=\"600\" height=\"337\" src=\"https:\/\/www.airefrio.com\/blog\/wp-content\/uploads\/2026\/03\/aire-acondicionado-multi-con-ACS.png\" class=\"attachment-us_600_337_crop size-us_600_337_crop wp-post-image\" alt=\"Aire acondicionado multisplit con dep\u00f3sito de ACS para climatizaci\u00f3n y agua caliente sanitaria\" srcset=\"https:\/\/www.airefrio.com\/blog\/wp-content\/uploads\/2026\/03\/aire-acondicionado-multi-con-ACS.png 600w, https:\/\/www.airefrio.com\/blog\/wp-content\/uploads\/2026\/03\/aire-acondicionado-multi-con-ACS-300x169.png 300w\" sizes=\"(max-width: 600px) 100vw, 600px\" \/><\/a><\/div><\/div>\t\t<\/div>\n\t<\/article>\n\t<article class=\"w-grid-item ratio_custom post-9860 post type-post status-publish format-standard has-post-thumbnail hentry category-calderas-de-gas category-calefaccion category-tecnologia-aire-acondicionado category-vaillant\" data-id=\"9860\">\n\t\t<div class=\"w-grid-item-h\">\n\t\t\t\t\t\t<div class=\"w-hwrapper usg_hwrapper_2 align_left valign_top \"><div class=\"w-vwrapper usg_vwrapper_1 align_left valign_top \"><div class=\"w-hwrapper usg_hwrapper_1 align_left valign_top \"><div class=\"w-grid-item-elm usg_post_taxonomy_1 post_taxonomy style_simple\"><a href=\"https:\/\/www.airefrio.com\/blog\/category\/calefaccion\/calderas-de-gas\/\">Calderas de gas<\/a>, <a href=\"https:\/\/www.airefrio.com\/blog\/category\/calefaccion\/\">Calefacci\u00f3n<\/a>, <a href=\"https:\/\/www.airefrio.com\/blog\/category\/tecnologia-aire-acondicionado\/\">Tecnolog\u00eda<\/a>, <a href=\"https:\/\/www.airefrio.com\/blog\/category\/marcas\/vaillant\/\">Vaillant<\/a><\/div><time class=\"w-grid-item-elm usg_post_date_1 with_text_color post_date entry-date published\" datetime=\"2026-01-21 20:00:20\">21 Ene, 20:00<\/time><\/div><h2 class=\"w-grid-item-elm usg_post_title_1 color_link_inherit post_title entry-title\"><a href=\"https:\/\/www.airefrio.com\/blog\/diferencias-entre-calderas-vaillant-ecotec-exclusive-plus-y-pure-cual-elegir\/\" rel=\"bookmark\">Diferencias entre calderas Vaillant ecoTEC exclusive, plus y pure: \u00bfcu\u00e1l elegir?<\/a><\/h2><div class=\"w-grid-item-elm usg_post_content_1 post_content\">Elegir una caldera de gas no es solo una cuesti\u00f3n de potencia o precio. Dentro de la gama de calderas&hellip;<\/div><div class=\"w-grid-item-elm usg_post_author_1 color_link_inherit post_author vcard author with_link\"><a class=\"fn\" href=\"https:\/\/www.airefrio.com\/blog\/author\/dponce\/\"><i class=\"fas fa-address-card\"><\/i> <span>David Ponce<\/span><\/a><\/div><\/div><div class=\"w-grid-item-elm usg_post_image_1 post_image\"><a href=\"https:\/\/www.airefrio.com\/blog\/diferencias-entre-calderas-vaillant-ecotec-exclusive-plus-y-pure-cual-elegir\/\" rel=\"bookmark\" aria-label=\"Diferencias entre calderas Vaillant ecoTEC exclusive, plus y pure: \u00bfcu\u00e1l elegir?\"><img loading=\"lazy\" decoding=\"async\" width=\"600\" height=\"337\" src=\"https:\/\/www.airefrio.com\/blog\/wp-content\/uploads\/2026\/01\/vaillant-ecotec-comparativa.jpg\" class=\"attachment-us_600_337_crop size-us_600_337_crop wp-post-image\" alt=\"Comparativa Calderas Vaillant ecoTec\" srcset=\"https:\/\/www.airefrio.com\/blog\/wp-content\/uploads\/2026\/01\/vaillant-ecotec-comparativa.jpg 600w, https:\/\/www.airefrio.com\/blog\/wp-content\/uploads\/2026\/01\/vaillant-ecotec-comparativa-300x169.jpg 300w\" sizes=\"(max-width: 600px) 100vw, 600px\" \/><\/a><\/div><\/div>\t\t<\/div>\n\t<\/article>\n\t<article class=\"w-grid-item ratio_custom post-9856 post type-post status-publish format-standard has-post-thumbnail hentry category-aerotermia category-bombas-de-calor-acs tag-aerotermia tag-bomba-de-calor-acs tag-tanque-termodinamico\" data-id=\"9856\">\n\t\t<div class=\"w-grid-item-h\">\n\t\t\t\t\t\t<div class=\"w-hwrapper usg_hwrapper_2 align_left valign_top \"><div class=\"w-vwrapper usg_vwrapper_1 align_left valign_top \"><div class=\"w-hwrapper usg_hwrapper_1 align_left valign_top \"><div class=\"w-grid-item-elm usg_post_taxonomy_1 post_taxonomy style_simple\"><a href=\"https:\/\/www.airefrio.com\/blog\/category\/aerotermia\/\">Aerotermia<\/a>, <a href=\"https:\/\/www.airefrio.com\/blog\/category\/aerotermia\/bombas-de-calor-acs\/\">Bombas de calor ACS<\/a><\/div><time class=\"w-grid-item-elm usg_post_date_1 with_text_color post_date entry-date published\" datetime=\"2026-01-15 13:27:05\">15 Ene, 13:27<\/time><\/div><h2 class=\"w-grid-item-elm usg_post_title_1 color_link_inherit post_title entry-title\"><a href=\"https:\/\/www.airefrio.com\/blog\/que-es-un-tanque-termodinamico-o-bomba-de-calor-para-acs\/\" rel=\"bookmark\">\u00bfQu\u00e9 es un tanque termodin\u00e1mico o bomba de calor para ACS?<\/a><\/h2><div class=\"w-grid-item-elm usg_post_content_1 post_content\">Los tanques termodin\u00e1micos, tambi\u00e9n conocidos como bombas de calor para ACS (Agua Caliente Sanitaria), son una soluci\u00f3n eficiente para producir&hellip;<\/div><div class=\"w-grid-item-elm usg_post_author_1 color_link_inherit post_author vcard author with_link\"><a class=\"fn\" href=\"https:\/\/www.airefrio.com\/blog\/author\/dponce\/\"><i class=\"fas fa-address-card\"><\/i> <span>David Ponce<\/span><\/a><\/div><\/div><div class=\"w-grid-item-elm usg_post_image_1 post_image\"><a href=\"https:\/\/www.airefrio.com\/blog\/que-es-un-tanque-termodinamico-o-bomba-de-calor-para-acs\/\" rel=\"bookmark\" aria-label=\"\u00bfQu\u00e9 es un tanque termodin\u00e1mico o bomba de calor para ACS?\"><img loading=\"lazy\" decoding=\"async\" width=\"600\" height=\"337\" src=\"https:\/\/www.airefrio.com\/blog\/wp-content\/uploads\/2026\/01\/bomba-calor-acs.jpg\" class=\"attachment-us_600_337_crop size-us_600_337_crop wp-post-image\" alt=\"Tanque termodin\u00e1mico o bomba de calor para ACS instalada en interior, utilizada para producir agua caliente sanitaria mediante aerotermia.\" srcset=\"https:\/\/www.airefrio.com\/blog\/wp-content\/uploads\/2026\/01\/bomba-calor-acs.jpg 600w, https:\/\/www.airefrio.com\/blog\/wp-content\/uploads\/2026\/01\/bomba-calor-acs-300x169.jpg 300w\" sizes=\"(max-width: 600px) 100vw, 600px\" \/><\/a><\/div><\/div>\t\t<\/div>\n\t<\/article>\n\t<article class=\"w-grid-item ratio_custom post-9850 post type-post status-publish format-standard has-post-thumbnail hentry category-consejos tag-impuestos tag-iva-10 tag-obra-nueva tag-reformas tag-rehabilitacion\" data-id=\"9850\">\n\t\t<div class=\"w-grid-item-h\">\n\t\t\t\t\t\t<div class=\"w-hwrapper usg_hwrapper_2 align_left valign_top \"><div class=\"w-vwrapper usg_vwrapper_1 align_left valign_top \"><div class=\"w-hwrapper usg_hwrapper_1 align_left valign_top \"><div class=\"w-grid-item-elm usg_post_taxonomy_1 post_taxonomy style_simple\"><a href=\"https:\/\/www.airefrio.com\/blog\/category\/consejos\/\">Consejos<\/a><\/div><time class=\"w-grid-item-elm usg_post_date_1 with_text_color post_date entry-date published\" datetime=\"2026-01-15 12:37:34\">15 Ene, 12:37<\/time><\/div><h2 class=\"w-grid-item-elm usg_post_title_1 color_link_inherit post_title entry-title\"><a href=\"https:\/\/www.airefrio.com\/blog\/iva-10-reforma-obra-nueva-climatizacion\/\" rel=\"bookmark\">\u00bfCu\u00e1ndo se puede facturar al 10% de IVA en rehabilitaci\u00f3n, reforma u obra nueva?<\/a><\/h2><div class=\"w-grid-item-elm usg_post_content_1 post_content\">Si est\u00e1s instalando aire acondicionado, aerotermia, suelo radiante o ventilaci\u00f3n con recuperaci\u00f3n de calor, es normal que surja la duda:\u00bfva&hellip;<\/div><div class=\"w-grid-item-elm usg_post_author_1 color_link_inherit post_author vcard author with_link\"><a class=\"fn\" href=\"https:\/\/www.airefrio.com\/blog\/author\/dponce\/\"><i class=\"fas fa-address-card\"><\/i> <span>David Ponce<\/span><\/a><\/div><\/div><div class=\"w-grid-item-elm usg_post_image_1 post_image\"><a href=\"https:\/\/www.airefrio.com\/blog\/iva-10-reforma-obra-nueva-climatizacion\/\" rel=\"bookmark\" aria-label=\"\u00bfCu\u00e1ndo se puede facturar al 10% de IVA en rehabilitaci\u00f3n, reforma u obra nueva?\"><img loading=\"lazy\" decoding=\"async\" width=\"600\" height=\"337\" src=\"https:\/\/www.airefrio.com\/blog\/wp-content\/uploads\/2026\/01\/iva-reformas-climatizacion-obra-nueva.jpg\" class=\"attachment-us_600_337_crop size-us_600_337_crop wp-post-image\" alt=\"Instalaci\u00f3n de climatizaci\u00f3n en una vivienda con equipos de aire acondicionado, materiales y documentaci\u00f3n relacionados con la aplicaci\u00f3n del IVA del 10%.\" srcset=\"https:\/\/www.airefrio.com\/blog\/wp-content\/uploads\/2026\/01\/iva-reformas-climatizacion-obra-nueva.jpg 600w, https:\/\/www.airefrio.com\/blog\/wp-content\/uploads\/2026\/01\/iva-reformas-climatizacion-obra-nueva-300x169.jpg 300w\" sizes=\"(max-width: 600px) 100vw, 600px\" \/><\/a><\/div><\/div>\t\t<\/div>\n\t<\/article>\n\t<article class=\"w-grid-item ratio_custom post-9804 post type-post status-publish format-standard has-post-thumbnail hentry category-calderas-de-gas category-calefaccion tag-calderas-de-gas\" data-id=\"9804\">\n\t\t<div class=\"w-grid-item-h\">\n\t\t\t\t\t\t<div class=\"w-hwrapper usg_hwrapper_2 align_left valign_top \"><div class=\"w-vwrapper usg_vwrapper_1 align_left valign_top \"><div class=\"w-hwrapper usg_hwrapper_1 align_left valign_top \"><div class=\"w-grid-item-elm usg_post_taxonomy_1 post_taxonomy style_simple\"><a href=\"https:\/\/www.airefrio.com\/blog\/category\/calefaccion\/calderas-de-gas\/\">Calderas de gas<\/a>, <a href=\"https:\/\/www.airefrio.com\/blog\/category\/calefaccion\/\">Calefacci\u00f3n<\/a><\/div><time class=\"w-grid-item-elm usg_post_date_1 with_text_color post_date entry-date published\" datetime=\"2026-01-05 13:20:59\">5 Ene, 13:20<\/time><\/div><h2 class=\"w-grid-item-elm usg_post_title_1 color_link_inherit post_title entry-title\"><a href=\"https:\/\/www.airefrio.com\/blog\/guia-2026-de-calderas-de-gas-cual-elegir-para-tu-hogar\/\" rel=\"bookmark\">Gu\u00eda 2026 de Calderas de Gas: \u00bfCu\u00e1l elegir para tu hogar?<\/a><\/h2><div class=\"w-grid-item-elm usg_post_content_1 post_content\">Incluye comparativas por marca, tecnolog\u00edas clave, potencias y consejos de compra.Si buscas precio cerrado con instalaci\u00f3n, consulta nuestras ofertas con&hellip;<\/div><div class=\"w-grid-item-elm usg_post_author_1 color_link_inherit post_author vcard author with_link\"><a class=\"fn\" href=\"https:\/\/www.airefrio.com\/blog\/author\/dponce\/\"><i class=\"fas fa-address-card\"><\/i> <span>David Ponce<\/span><\/a><\/div><\/div><div class=\"w-grid-item-elm usg_post_image_1 post_image\"><a href=\"https:\/\/www.airefrio.com\/blog\/guia-2026-de-calderas-de-gas-cual-elegir-para-tu-hogar\/\" rel=\"bookmark\" aria-label=\"Gu\u00eda 2026 de Calderas de Gas: \u00bfCu\u00e1l elegir para tu hogar?\"><img loading=\"lazy\" decoding=\"async\" width=\"600\" height=\"337\" src=\"https:\/\/www.airefrio.com\/blog\/wp-content\/uploads\/2026\/01\/ChatGPT-Image-4-ene-2026-21_09_14-600x337.png\" class=\"attachment-us_600_337_crop size-us_600_337_crop wp-post-image\" alt=\"Gu\u00eda Calderas de Gas 2025-2026\" \/><\/a><\/div><\/div>\t\t<\/div>\n\t<\/article>\n\t<article class=\"w-grid-item ratio_custom post-9828 post type-post status-publish format-standard has-post-thumbnail hentry category-ayudas-y-subvenciones tag-aerotermia tag-ayuda tag-caes tag-subvencion\" data-id=\"9828\">\n\t\t<div class=\"w-grid-item-h\">\n\t\t\t\t\t\t<div class=\"w-hwrapper usg_hwrapper_2 align_left valign_top \"><div class=\"w-vwrapper usg_vwrapper_1 align_left valign_top \"><div class=\"w-hwrapper usg_hwrapper_1 align_left valign_top \"><div class=\"w-grid-item-elm usg_post_taxonomy_1 post_taxonomy style_simple\"><a href=\"https:\/\/www.airefrio.com\/blog\/category\/ayudas-y-subvenciones\/\">Ayudas y subvenciones<\/a><\/div><time class=\"w-grid-item-elm usg_post_date_1 with_text_color post_date entry-date published\" datetime=\"2026-01-03 17:31:13\">3 Ene, 17:31<\/time><\/div><h2 class=\"w-grid-item-elm usg_post_title_1 color_link_inherit post_title entry-title\"><a href=\"https:\/\/www.airefrio.com\/blog\/caes-en-2025-y-2026-que-son-y-como-se-aplican-a-la-aerotermia\/\" rel=\"bookmark\">CAEs en 2025 y 2026: qu\u00e9 son y c\u00f3mo se aplican a la aerotermia<\/a><\/h2><div class=\"w-grid-item-elm usg_post_content_1 post_content\">La aerotermia se ha convertido en una de las soluciones m\u00e1s eficientes para climatizar viviendas. Pero en 2025 y 2026&hellip;<\/div><div class=\"w-grid-item-elm usg_post_author_1 color_link_inherit post_author vcard author with_link\"><a class=\"fn\" href=\"https:\/\/www.airefrio.com\/blog\/author\/dponce\/\"><i class=\"fas fa-address-card\"><\/i> <span>David Ponce<\/span><\/a><\/div><\/div><div class=\"w-grid-item-elm usg_post_image_1 post_image\"><a href=\"https:\/\/www.airefrio.com\/blog\/caes-en-2025-y-2026-que-son-y-como-se-aplican-a-la-aerotermia\/\" rel=\"bookmark\" aria-label=\"CAEs en 2025 y 2026: qu\u00e9 son y c\u00f3mo se aplican a la aerotermia\"><img loading=\"lazy\" decoding=\"async\" width=\"600\" height=\"337\" src=\"https:\/\/www.airefrio.com\/blog\/wp-content\/uploads\/2026\/01\/que-son-los-caes-2026.jpg\" class=\"attachment-us_600_337_crop size-us_600_337_crop wp-post-image\" alt=\"Qu\u00e9 son los CAEs 2026\" srcset=\"https:\/\/www.airefrio.com\/blog\/wp-content\/uploads\/2026\/01\/que-son-los-caes-2026.jpg 600w, https:\/\/www.airefrio.com\/blog\/wp-content\/uploads\/2026\/01\/que-son-los-caes-2026-300x169.jpg 300w\" sizes=\"(max-width: 600px) 100vw, 600px\" \/><\/a><\/div><\/div>\t\t<\/div>\n\t<\/article>\n\t<article class=\"w-grid-item ratio_custom post-9820 post type-post status-publish format-standard has-post-thumbnail hentry category-ayudas-y-subvenciones tag-aerotermia tag-ayuda tag-deducciones-irpf tag-subvencion\" data-id=\"9820\">\n\t\t<div class=\"w-grid-item-h\">\n\t\t\t\t\t\t<div class=\"w-hwrapper usg_hwrapper_2 align_left valign_top \"><div class=\"w-vwrapper usg_vwrapper_1 align_left valign_top \"><div class=\"w-hwrapper usg_hwrapper_1 align_left valign_top \"><div class=\"w-grid-item-elm usg_post_taxonomy_1 post_taxonomy style_simple\"><a href=\"https:\/\/www.airefrio.com\/blog\/category\/ayudas-y-subvenciones\/\">Ayudas y subvenciones<\/a><\/div><time class=\"w-grid-item-elm usg_post_date_1 with_text_color post_date entry-date published\" datetime=\"2026-01-03 15:00:25\">3 Ene, 15:00<\/time><\/div><h2 class=\"w-grid-item-elm usg_post_title_1 color_link_inherit post_title entry-title\"><a href=\"https:\/\/www.airefrio.com\/blog\/deducciones-irpf-aerotermia-2026-como-ahorrar-con-tu-instalacion\/\" rel=\"bookmark\">Deducciones IRPF Aerotermia 2026: c\u00f3mo ahorrar con tu instalaci\u00f3n<\/a><\/h2><div class=\"w-grid-item-elm usg_post_content_1 post_content\">La aerotermia no solo es una de las soluciones de climatizaci\u00f3n m\u00e1s eficientes y sostenibles del mercado, sino que tambi\u00e9n&hellip;<\/div><div class=\"w-grid-item-elm usg_post_author_1 color_link_inherit post_author vcard author with_link\"><a class=\"fn\" href=\"https:\/\/www.airefrio.com\/blog\/author\/dponce\/\"><i class=\"fas fa-address-card\"><\/i> <span>David Ponce<\/span><\/a><\/div><\/div><div class=\"w-grid-item-elm usg_post_image_1 post_image\"><a href=\"https:\/\/www.airefrio.com\/blog\/deducciones-irpf-aerotermia-2026-como-ahorrar-con-tu-instalacion\/\" rel=\"bookmark\" aria-label=\"Deducciones IRPF Aerotermia 2026: c\u00f3mo ahorrar con tu instalaci\u00f3n\"><img loading=\"lazy\" decoding=\"async\" width=\"600\" height=\"337\" src=\"https:\/\/www.airefrio.com\/blog\/wp-content\/uploads\/2026\/01\/deducciones-irpf-aerotermia-2026-600x337.jpg\" class=\"attachment-us_600_337_crop size-us_600_337_crop wp-post-image\" alt=\"Deducciones IRPF 2026 Aerotermia\" \/><\/a><\/div><\/div>\t\t<\/div>\n\t<\/article>\n\t<article class=\"w-grid-item ratio_custom post-9783 post type-post status-publish format-standard has-post-thumbnail hentry category-consejos category-eficiencia category-ventilacion\" data-id=\"9783\">\n\t\t<div class=\"w-grid-item-h\">\n\t\t\t\t\t\t<div class=\"w-hwrapper usg_hwrapper_2 align_left valign_top \"><div class=\"w-vwrapper usg_vwrapper_1 align_left valign_top \"><div class=\"w-hwrapper usg_hwrapper_1 align_left valign_top \"><div class=\"w-grid-item-elm usg_post_taxonomy_1 post_taxonomy style_simple\"><a href=\"https:\/\/www.airefrio.com\/blog\/category\/consejos\/\">Consejos<\/a>, <a href=\"https:\/\/www.airefrio.com\/blog\/category\/eficiencia\/\">Eficiencia<\/a>, <a href=\"https:\/\/www.airefrio.com\/blog\/category\/ventilacion\/\">Ventilaci\u00f3n<\/a><\/div><time class=\"w-grid-item-elm usg_post_date_1 with_text_color post_date entry-date published\" datetime=\"2025-02-28 11:18:01\">28 Feb, 11:18<\/time><\/div><h2 class=\"w-grid-item-elm usg_post_title_1 color_link_inherit post_title entry-title\"><a href=\"https:\/\/www.airefrio.com\/blog\/ventilacion-mecanica-vs-natural-cual-es-mejor\/\" rel=\"bookmark\">Ventilaci\u00f3n mec\u00e1nica vs. natural: \u00bfcu\u00e1l es mejor?<\/a><\/h2><div class=\"w-grid-item-elm usg_post_content_1 post_content\">Mantener una buena ventilaci\u00f3n en casa es fundamental para garantizar un aire limpio, saludable y libre de contaminantes. Sin embargo,&hellip;<\/div><div class=\"w-grid-item-elm usg_post_author_1 color_link_inherit post_author vcard author with_link\"><a class=\"fn\" href=\"https:\/\/www.airefrio.com\/blog\/author\/apostolache\/\"><i class=\"fas fa-address-card\"><\/i> <span>Andreea Postolache<\/span><\/a><\/div><\/div><div class=\"w-grid-item-elm usg_post_image_1 post_image\"><a href=\"https:\/\/www.airefrio.com\/blog\/ventilacion-mecanica-vs-natural-cual-es-mejor\/\" rel=\"bookmark\" aria-label=\"Ventilaci\u00f3n mec\u00e1nica vs. natural: \u00bfcu\u00e1l es mejor?\"><img loading=\"lazy\" decoding=\"async\" width=\"600\" height=\"337\" src=\"https:\/\/www.airefrio.com\/blog\/wp-content\/uploads\/2025\/02\/ventilacion-2-portada-600x337.png\" class=\"attachment-us_600_337_crop size-us_600_337_crop wp-post-image\" alt=\"\" \/><\/a><\/div><\/div>\t\t<\/div>\n\t<\/article>\n\t<article class=\"w-grid-item ratio_custom post-9772 post type-post status-publish format-standard has-post-thumbnail hentry category-ventilacion\" data-id=\"9772\">\n\t\t<div class=\"w-grid-item-h\">\n\t\t\t\t\t\t<div class=\"w-hwrapper usg_hwrapper_2 align_left valign_top \"><div class=\"w-vwrapper usg_vwrapper_1 align_left valign_top \"><div class=\"w-hwrapper usg_hwrapper_1 align_left valign_top \"><div class=\"w-grid-item-elm usg_post_taxonomy_1 post_taxonomy style_simple\"><a href=\"https:\/\/www.airefrio.com\/blog\/category\/ventilacion\/\">Ventilaci\u00f3n<\/a><\/div><time class=\"w-grid-item-elm usg_post_date_1 with_text_color post_date entry-date published\" datetime=\"2025-02-28 10:04:52\">28 Feb, 10:04<\/time><\/div><h2 class=\"w-grid-item-elm usg_post_title_1 color_link_inherit post_title entry-title\"><a href=\"https:\/\/www.airefrio.com\/blog\/como-ventilar-tu-casa-en-invierno-sin-perder-calor\/\" rel=\"bookmark\">C\u00f3mo ventilar tu casa en invierno sin perder calor<\/a><\/h2><div class=\"w-grid-item-elm usg_post_content_1 post_content\">La ventilaci\u00f3n en invierno es fundamental para mantener un ambiente saludable dentro del hogar. Sin embargo, el fr\u00edo hace que&hellip;<\/div><div class=\"w-grid-item-elm usg_post_author_1 color_link_inherit post_author vcard author with_link\"><a class=\"fn\" href=\"https:\/\/www.airefrio.com\/blog\/author\/apostolache\/\"><i class=\"fas fa-address-card\"><\/i> <span>Andreea Postolache<\/span><\/a><\/div><\/div><div class=\"w-grid-item-elm usg_post_image_1 post_image\"><a href=\"https:\/\/www.airefrio.com\/blog\/como-ventilar-tu-casa-en-invierno-sin-perder-calor\/\" rel=\"bookmark\" aria-label=\"C\u00f3mo ventilar tu casa en invierno sin perder calor\"><img loading=\"lazy\" decoding=\"async\" width=\"600\" height=\"337\" src=\"https:\/\/www.airefrio.com\/blog\/wp-content\/uploads\/2025\/02\/ventilacion-600x337.png\" class=\"attachment-us_600_337_crop size-us_600_337_crop wp-post-image\" alt=\"\" \/><\/a><\/div><\/div>\t\t<\/div>\n\t<\/article>\n\t<article class=\"w-grid-item ratio_custom post-9761 post type-post status-publish format-standard has-post-thumbnail hentry category-calefaccion category-suelo-radiante\" data-id=\"9761\">\n\t\t<div class=\"w-grid-item-h\">\n\t\t\t\t\t\t<div class=\"w-hwrapper usg_hwrapper_2 align_left valign_top \"><div class=\"w-vwrapper usg_vwrapper_1 align_left valign_top \"><div class=\"w-hwrapper usg_hwrapper_1 align_left valign_top \"><div class=\"w-grid-item-elm usg_post_taxonomy_1 post_taxonomy style_simple\"><a href=\"https:\/\/www.airefrio.com\/blog\/category\/calefaccion\/\">Calefacci\u00f3n<\/a>, <a href=\"https:\/\/www.airefrio.com\/blog\/category\/calefaccion\/suelo-radiante\/\">Suelo Radiante<\/a><\/div><time class=\"w-grid-item-elm usg_post_date_1 with_text_color post_date entry-date published\" datetime=\"2025-02-28 08:49:51\">28 Feb, 8:49<\/time><\/div><h2 class=\"w-grid-item-elm usg_post_title_1 color_link_inherit post_title entry-title\"><a href=\"https:\/\/www.airefrio.com\/blog\/suelo-radiante-el-secreto-para-una-casa-comoda-y-calida\/\" rel=\"bookmark\">Suelo radiante: el secreto para una casa c\u00f3moda y c\u00e1lida<\/a><\/h2><div class=\"w-grid-item-elm usg_post_content_1 post_content\">El confort en el hogar no solo depende de la decoraci\u00f3n o el mobiliario, sino tambi\u00e9n de la temperatura y&hellip;<\/div><div class=\"w-grid-item-elm usg_post_author_1 color_link_inherit post_author vcard author with_link\"><a class=\"fn\" href=\"https:\/\/www.airefrio.com\/blog\/author\/apostolache\/\"><i class=\"fas fa-address-card\"><\/i> <span>Andreea Postolache<\/span><\/a><\/div><\/div><div class=\"w-grid-item-elm usg_post_image_1 post_image\"><a href=\"https:\/\/www.airefrio.com\/blog\/suelo-radiante-el-secreto-para-una-casa-comoda-y-calida\/\" rel=\"bookmark\" aria-label=\"Suelo radiante: el secreto para una casa c\u00f3moda y c\u00e1lida\"><img loading=\"lazy\" decoding=\"async\" width=\"600\" height=\"337\" src=\"https:\/\/www.airefrio.com\/blog\/wp-content\/uploads\/2025\/02\/suelo-radiante-2-1-1-600x337.png\" class=\"attachment-us_600_337_crop size-us_600_337_crop wp-post-image\" alt=\"\" \/><\/a><\/div><\/div>\t\t<\/div>\n\t<\/article>\n<\/div>\t\t<div class=\"g-loadmore\">\n\t\t\t<div class=\"g-preloader type_1\">\n\t\t\t\t<div><\/div>\n\t\t\t<\/div>\n\t\t\t<a class=\"w-btn us-btn-style_1\" href=\"javascript:void(0)\">\n\t\t\t\t<span class=\"w-btn-label\">Ver m\u00e1s<\/span>\n\t\t\t<\/a>\n\t\t<\/div>\n\t\t\t<div class=\"w-grid-json hidden\" onclick='return {&quot;ajax_url&quot;:&quot;https:\\\/\\\/www.airefrio.com\\\/blog\\\/wp-admin\\\/admin-ajax.php&quot;,&quot;permalink_url&quot;:&quot;https:\\\/\\\/www.airefrio.com\\\/blog\\\/suelo-radiante-el-secreto-para-una-casa-comoda-y-calida\\\/&quot;,&quot;action&quot;:&quot;us_ajax_grid&quot;,&quot;max_num_pages&quot;:22,&quot;infinite_scroll&quot;:0,&quot;template_vars&quot;:{&quot;query_args&quot;:{&quot;post_type&quot;:[&quot;post&quot;],&quot;orderby&quot;:{&quot;date&quot;:&quot;DESC&quot;},&quot;posts_per_page&quot;:&quot;10&quot;,&quot;post_status&quot;:[&quot;publish&quot;]},&quot;post_id&quot;:6042,&quot;us_grid_index&quot;:1,&quot;exclude_items&quot;:&quot;none&quot;,&quot;items_offset&quot;:&quot;1&quot;,&quot;items_layout&quot;:&quot;7551&quot;,&quot;type&quot;:&quot;grid&quot;,&quot;columns&quot;:&quot;1&quot;,&quot;img_size&quot;:&quot;us_600_337_crop&quot;},&quot;carousel_settings&quot;:{&quot;items&quot;:&quot;1&quot;,&quot;nav&quot;:0,&quot;dots&quot;:0,&quot;center&quot;:0,&quot;autoplay&quot;:0,&quot;timeout&quot;:3000,&quot;autoheight&quot;:1,&quot;slideby&quot;:&quot;1&quot;},&quot;carousel_breakpoints&quot;:{&quot;1200&quot;:{&quot;items&quot;:&quot;1&quot;},&quot;900&quot;:{&quot;items&quot;:&quot;1&quot;,&quot;autoplay&quot;:1,&quot;autoplayHoverPausev&quot;:1},&quot;600&quot;:{&quot;items&quot;:&quot;1&quot;,&quot;autoplay&quot;:1,&quot;autoplayHoverPausev&quot;:1},&quot;0&quot;:{&quot;items&quot;:1,&quot;autoHeight&quot;:true,&quot;autoplay&quot;:1,&quot;autoplayHoverPause&quot;:1}}}'><\/div>\n<\/div><\/div><\/div><\/div><\/div><\/div><\/section><\/p>\t\t\t\t\t\t\t\t<\/div>\n\t\t\t\t<div class=\"elementor-element elementor-element-f678247 elementor-widget elementor-widget-text-editor\" data-id=\"f678247\" data-element_type=\"widget\" data-e-type=\"widget\" data-widget_type=\"text-editor.default\">\n\t\t\t\t\t\t\t\t\t<section class=\"external-resources\">\n  <h2>Documentaci\u00f3n t\u00e9cnica y normativa oficial<\/h2>\n  <ul>\n    <li>\n      <a href=\"https:\/\/www.idae.es\/tecnologias\/eficiencia-energetica\/edificacion\" target=\"_blank\" rel=\"noopener nofollow\">\n        Gu\u00edas oficiales de eficiencia energ\u00e9tica en edificios (IDAE)\n      <\/a>\n    <\/li>\n    <li>\n      <a href=\"https:\/\/eur-lex.europa.eu\" target=\"_blank\" rel=\"noopener nofollow\">\n        Normativa europea sobre eficiencia energ\u00e9tica y climatizaci\u00f3n\n      <\/a>\n    <\/li>\n    <li>\n      <a href=\"https:\/\/www.ashrae.org\" target=\"_blank\" rel=\"noopener nofollow\">\n        ASHRAE \u2013 est\u00e1ndares internacionales de climatizaci\u00f3n\n      <\/a>\n    <\/li>\n  <\/ul>\n<\/section>\n\t\t\t\t\t\t\t\t<\/div>\n\t\t\t\t\t<\/div>\n\t\t<\/div>\n\t\t\t\t\t<\/div>\n\t\t<\/section>\n\t\t\t\t<\/div>\n\t\t","protected":false},"excerpt":{"rendered":"<p>Blog de Airefrio.com: gu\u00edas y consejos sobre aire acondicionado y aerotermia Informaci\u00f3n pr\u00e1ctica, comparativas y consejos expertos sobre climatizaci\u00f3n,aerotermia, ventilaci\u00f3n y eficiencia energ\u00e9tica para viviendas y negocios. En Airefrio somos especialistas en aire acondicionado, aerotermia, calderas de gas \u2026 Documentaci\u00f3n t\u00e9cnica y normativa oficial Gu\u00edas oficiales de eficiencia energ\u00e9tica en edificios (IDAE) Normativa europea sobre&#8230;<\/p>\n","protected":false},"author":6,"featured_media":0,"parent":0,"menu_order":0,"comment_status":"closed","ping_status":"closed","template":"","meta":{"footnotes":""},"class_list":["post-6042","page","type-page","status-publish","hentry"],"aioseo_notices":[],"_links":{"self":[{"href":"https:\/\/www.airefrio.com\/blog\/wp-json\/wp\/v2\/pages\/6042","targetHints":{"allow":["GET"]}}],"collection":[{"href":"https:\/\/www.airefrio.com\/blog\/wp-json\/wp\/v2\/pages"}],"about":[{"href":"https:\/\/www.airefrio.com\/blog\/wp-json\/wp\/v2\/types\/page"}],"author":[{"embeddable":true,"href":"https:\/\/www.airefrio.com\/blog\/wp-json\/wp\/v2\/users\/6"}],"replies":[{"embeddable":true,"href":"https:\/\/www.airefrio.com\/blog\/wp-json\/wp\/v2\/comments?post=6042"}],"version-history":[{"count":18,"href":"https:\/\/www.airefrio.com\/blog\/wp-json\/wp\/v2\/pages\/6042\/revisions"}],"predecessor-version":[{"id":9819,"href":"https:\/\/www.airefrio.com\/blog\/wp-json\/wp\/v2\/pages\/6042\/revisions\/9819"}],"wp:attachment":[{"href":"https:\/\/www.airefrio.com\/blog\/wp-json\/wp\/v2\/media?parent=6042"}],"curies":[{"name":"wp","href":"https:\/\/api.w.org\/{rel}","templated":true}]}}